{"id":58,"date":"2013-04-12T16:26:48","date_gmt":"2013-04-12T15:26:48","guid":{"rendered":"http:\/\/www.malek-boualem.fr\/net\/?page_id=58"},"modified":"2015-05-05T19:34:04","modified_gmt":"2015-05-05T18:34:04","slug":"la-depression","status":"publish","type":"page","link":"https:\/\/www.malek-boualem.fr\/net\/malheurs-de-la-vie\/la-depression\/","title":{"rendered":"La d\u00e9pression"},"content":{"rendered":"<h3><span style=\"color: #0000ff;\"><strong>Source WIKIPEDIA<\/strong><\/span><\/h3>\n<p>La <b>d\u00e9pression<\/b> (du <a title=\"Latin\" href=\"http:\/\/fr.wikipedia.org\/wiki\/Latin\">latin<\/a> <i>depressio<\/i><sup id=\"cite_ref-1\"><a href=\"http:\/\/fr.wikipedia.org\/wiki\/D%C3%A9pression_%28psychiatrie%29#cite_note-1\">1<\/a><\/sup>, \u00ab\u00a0enfoncement\u00a0\u00bb) est un <a title=\"Trouble mental\" href=\"http:\/\/fr.wikipedia.org\/wiki\/Trouble_mental\">trouble mental<\/a> caract\u00e9ris\u00e9, en <a title=\"Psychiatrie\" href=\"http:\/\/fr.wikipedia.org\/wiki\/Psychiatrie\">psychiatrie<\/a>, par des p\u00e9riodes de baisses d&rsquo;humeur accompagn\u00e9es d&rsquo;une faible <a title=\"Estime de soi\" href=\"http:\/\/fr.wikipedia.org\/wiki\/Estime_de_soi\">estime de soi<\/a> et d&rsquo;une <a title=\"Anh\u00e9donie\" href=\"http:\/\/fr.wikipedia.org\/wiki\/Anh%C3%A9donie\">perte d&rsquo;int\u00e9r\u00eat ou de plaisir<\/a> dans des activit\u00e9s. Ces sympt\u00f4mes sont classifi\u00e9s dans les <a title=\"Trouble de l'humeur\" href=\"http:\/\/fr.wikipedia.org\/wiki\/Trouble_de_l%27humeur\">troubles de l&rsquo;humeur<\/a> dans l&rsquo;\u00e9dition datant de 1980 du <i><a title=\"Manuel diagnostique et statistique des troubles mentaux\" href=\"http:\/\/fr.wikipedia.org\/wiki\/Manuel_diagnostique_et_statistique_des_troubles_mentaux\">Manuel diagnostique et statistique des troubles mentaux<\/a><\/i> publi\u00e9 par l&rsquo;<a title=\"Association am\u00e9ricaine de psychiatrie\" href=\"http:\/\/fr.wikipedia.org\/wiki\/Association_am%C3%A9ricaine_de_psychiatrie\">Association am\u00e9ricaine de psychiatrie<\/a>. C&rsquo;est autour du <a title=\"XIXe si\u00e8cle\" href=\"http:\/\/fr.wikipedia.org\/wiki\/XIXe_si%C3%A8cle\">XIX<sup>e<\/sup>\u00a0si\u00e8cle<\/a> que le terme est apparu dans son usage psychologique<sup id=\"cite_ref-2\"><a href=\"http:\/\/fr.wikipedia.org\/wiki\/D%C3%A9pression_%28psychiatrie%29#cite_note-2\">2<\/a><\/sup><sup>,<\/sup><sup id=\"cite_ref-3\"><a href=\"http:\/\/fr.wikipedia.org\/wiki\/D%C3%A9pression_%28psychiatrie%29#cite_note-3\">3<\/a><\/sup>. La d\u00e9pression caract\u00e9rise essentiellement un \u00e9tat de perte de <a title=\"Motivation\" href=\"http:\/\/fr.wikipedia.org\/wiki\/Motivation\">motivation<\/a> ou d&rsquo;<a title=\"\u00c9lan vital\" href=\"http:\/\/fr.wikipedia.org\/wiki\/%C3%89lan_vital\">\u00e9lan vital<\/a> chez un individu, associ\u00e9 ou non \u00e0 diff\u00e9rents sympt\u00f4mes. Les sympt\u00f4mes les plus caract\u00e9ristiques sont une perte d&rsquo;<a title=\"Espoir\" href=\"http:\/\/fr.wikipedia.org\/wiki\/Espoir\">espoir<\/a>, d&rsquo;<a title=\"Anh\u00e9donie\" href=\"http:\/\/fr.wikipedia.org\/wiki\/Anh%C3%A9donie\">envie<\/a>, d&rsquo;<a title=\"Estime de soi\" href=\"http:\/\/fr.wikipedia.org\/wiki\/Estime_de_soi\">estime de soi<\/a>. D&rsquo;autres signes peuvent survenir, tels que la <a title=\"Fatigue (physiologie)\" href=\"http:\/\/fr.wikipedia.org\/wiki\/Fatigue_%28physiologie%29\">fatigue<\/a>, la <a title=\"Tristesse\" href=\"http:\/\/fr.wikipedia.org\/wiki\/Tristesse\">tristesse<\/a>, des pens\u00e9es n\u00e9gatives, des id\u00e9es noires, des intentions <a title=\"Suicide\" href=\"http:\/\/fr.wikipedia.org\/wiki\/Suicide\">suicidaires<\/a>, de l&rsquo;<a title=\"Anxi\u00e9t\u00e9\" href=\"http:\/\/fr.wikipedia.org\/wiki\/Anxi%C3%A9t%C3%A9\">anxi\u00e9t\u00e9<\/a> ou de l&rsquo;<a title=\"Angoisse\" href=\"http:\/\/fr.wikipedia.org\/wiki\/Angoisse\">angoisse<\/a> et dans certains rares cas extr\u00eames, des <a title=\"Hallucination\" href=\"http:\/\/fr.wikipedia.org\/wiki\/Hallucination\">hallucinations<\/a>.<\/p>\n<p>Le m\u00e9canisme est complexe et mal connu. Les causes sont plurifactorielles. La prise en charge n\u00e9cessite une approche sur plusieurs plans biologique, psychologique et social.<\/p>\n<h2><a title=\"Site .NET de Malek Boualem\" href=\"http:\/\/www.malek-boualem.net\" target=\"_blank\">Malek Boualem<\/a><\/h2>\n","protected":false},"excerpt":{"rendered":"<p>Source WIKIPEDIA La d\u00e9pression (du latin depressio1, \u00ab\u00a0enfoncement\u00a0\u00bb) est un trouble mental caract\u00e9ris\u00e9, en psychiatrie, par des p\u00e9riodes de baisses d&rsquo;humeur accompagn\u00e9es d&rsquo;une faible estime de soi et d&rsquo;une perte d&rsquo;int\u00e9r\u00eat ou de plaisir dans des activit\u00e9s. Ces sympt\u00f4mes sont classifi\u00e9s dans les troubles de l&rsquo;humeur dans l&rsquo;\u00e9dition datant de 1980 du Manuel diagnostique et [&hellip;]<\/p>\n","protected":false},"author":2,"featured_media":0,"parent":48,"menu_order":0,"comment_status":"closed","ping_status":"closed","template":"","meta":{"footnotes":""},"class_list":["post-58","page","type-page","status-publish","hentry"],"_links":{"self":[{"href":"https:\/\/www.malek-boualem.fr\/net\/wp-json\/wp\/v2\/pages\/58","targetHints":{"allow":["GET"]}}],"collection":[{"href":"https:\/\/www.malek-boualem.fr\/net\/wp-json\/wp\/v2\/pages"}],"about":[{"href":"https:\/\/www.malek-boualem.fr\/net\/wp-json\/wp\/v2\/types\/page"}],"author":[{"embeddable":true,"href":"https:\/\/www.malek-boualem.fr\/net\/wp-json\/wp\/v2\/users\/2"}],"replies":[{"embeddable":true,"href":"https:\/\/www.malek-boualem.fr\/net\/wp-json\/wp\/v2\/comments?post=58"}],"version-history":[{"count":0,"href":"https:\/\/www.malek-boualem.fr\/net\/wp-json\/wp\/v2\/pages\/58\/revisions"}],"up":[{"embeddable":true,"href":"https:\/\/www.malek-boualem.fr\/net\/wp-json\/wp\/v2\/pages\/48"}],"wp:attachment":[{"href":"https:\/\/www.malek-boualem.fr\/net\/wp-json\/wp\/v2\/media?parent=58"}],"curies":[{"name":"wp","href":"https:\/\/api.w.org\/{rel}","templated":true}]}}