{"id":69,"date":"2013-04-17T15:41:08","date_gmt":"2013-04-17T14:41:08","guid":{"rendered":"http:\/\/www.malek-boualem.fr\/net\/?page_id=69"},"modified":"2015-05-05T19:33:38","modified_gmt":"2015-05-05T18:33:38","slug":"handicap","status":"publish","type":"page","link":"https:\/\/www.malek-boualem.fr\/net\/malheurs-de-la-vie\/handicap\/","title":{"rendered":"L&rsquo;handicap"},"content":{"rendered":"<h3><span style=\"color: #0000ff;\"><strong>Source WIKIPEDIA<\/strong><\/span><\/h3>\n<p>Le terme <b>handicap<\/b> d\u00e9signe la limitation des possibilit\u00e9s d&rsquo;interaction d&rsquo;un individu avec son environnement, caus\u00e9e par une d\u00e9ficience provoquant une incapacit\u00e9, permanente ou non, menant \u00e0 un stress et \u00e0 des difficult\u00e9s morales, <a title=\"Intelligence\" href=\"http:\/\/fr.wikipedia.org\/wiki\/Intelligence\">intellectuelles<\/a>, <a title=\"Sociologie\" href=\"http:\/\/fr.wikipedia.org\/wiki\/Sociologie\">sociales<\/a> et\/ou physiques.<\/p>\n<p>Le terme de <i>handicap<\/i> renvoie \u00e9galement aux difficult\u00e9s de la personne handicap\u00e9e face \u00e0 son environnement en termes d&rsquo;<a title=\"Accessibilit\u00e9\" href=\"http:\/\/fr.wikipedia.org\/wiki\/Accessibilit%C3%A9\">accessibilit\u00e9<\/a>, d&rsquo;expression, de <a title=\"Compr\u00e9hension\" href=\"http:\/\/fr.wikipedia.org\/wiki\/Compr%C3%A9hension\">compr\u00e9hension<\/a> ou d&rsquo;appr\u00e9hension. Il s&rsquo;agit donc plus d&rsquo;une notion sociale que d&rsquo;une notion <a title=\"M\u00e9decine\" href=\"http:\/\/fr.wikipedia.org\/wiki\/M%C3%A9decine\">m\u00e9dicale<\/a>. Ces limitations d&rsquo;activit\u00e9 et de participation restent variables selon les contextes nationaux ou soci\u00e9taux. Ainsi, en <a title=\"Su\u00e8de\" href=\"http:\/\/fr.wikipedia.org\/wiki\/Su%C3%A8de\">Su\u00e8de<\/a>, la <a title=\"Sensibilit\u00e9 \u00e9lectromagn\u00e9tique\" href=\"http:\/\/fr.wikipedia.org\/wiki\/Sensibilit%C3%A9_%C3%A9lectromagn%C3%A9tique\">sensibilit\u00e9 \u00e9lectromagn\u00e9tique<\/a> est d\u00e9finie comme un handicap.<\/p>\n<p>En <a title=\"France\" href=\"http:\/\/fr.wikipedia.org\/wiki\/France\">France<\/a>, la d\u00e9finition donn\u00e9e par la <a title=\"Loi handicap du 11 f\u00e9vrier 2005\" href=\"http:\/\/fr.wikipedia.org\/wiki\/Loi_handicap_du_11_f%C3%A9vrier_2005\">loi handicap du 11 f\u00e9vrier 2005<\/a> portant sur l&rsquo;\u00e9galit\u00e9 des droits et des chances, la participation et la citoyennet\u00e9 des personnes handicap\u00e9es, d\u00e9finit le handicap comme suit dans son article 114\u00a0: \u00ab\u00a0<i>Constitue un handicap, au sens de la pr\u00e9sente loi, toute limitation d&rsquo;activit\u00e9 ou restriction de participation \u00e0 la vie en soci\u00e9t\u00e9 subie dans son environnement par une personne en raison d&rsquo;une alt\u00e9ration substantielle, durable ou d\u00e9finitive d&rsquo;une ou plusieurs fonctions physiques, sensorielles, mentales, cognitives ou psychiques, d&rsquo;un polyhandicap ou d&rsquo;un trouble de sant\u00e9 invalidant.<\/i>\u00a0\u00bb.<\/p>\n<h2>Terminologie<\/h2>\n<p>Le mot <i>handicap<\/i> emprunt\u00e9 en 1827, vient de l&rsquo;expression <a title=\"Anglais\" href=\"http:\/\/fr.wikipedia.org\/wiki\/Anglais\">anglaise<\/a> <i>hand in cap<\/i><sup id=\"cite_ref-1\" class=\"reference\"><a href=\"http:\/\/fr.wikipedia.org\/wiki\/Handicap#cite_note-1\">1<\/a><\/sup>, signifiant \u00ab\u00a0main dans le chapeau\u00a0\u00bb. Dans le cadre d&rsquo;un troc de biens entre deux personnes, il fallait r\u00e9tablir une \u00e9galit\u00e9 de valeur entre ce qui \u00e9tait donn\u00e9 et ce qui \u00e9tait re\u00e7u\u00a0: ainsi celui qui recevait un objet d&rsquo;une valeur sup\u00e9rieure devait mettre dans un chapeau une somme d&rsquo;argent pour r\u00e9tablir l&rsquo;\u00e9quit\u00e9. L&rsquo;expression s&rsquo;est progressivement transform\u00e9e en mot puis appliqu\u00e9e au domaine sportif (courses de chevaux notamment) au <span class=\"romain\">XVIII<\/span><sup>e<\/sup>\u00a0si\u00e8cle. En hippisme, un <i>handicap<\/i> correspondait \u00e0 la volont\u00e9 de donner autant de chances \u00e0 tous les concurrents en imposant des difficult\u00e9s suppl\u00e9mentaires aux meilleurs. Historiquement, le handicap se d\u00e9finissait par opposition \u00e0 la maladie. Le patient \u00e9tait malade tant que son probl\u00e8me pouvait \u00eatre pris en charge m\u00e9dicalement, il \u00e9tait r\u00e9put\u00e9 handicap\u00e9 une fois devenu incurable.<\/p>\n<p>En <a title=\"1980\" href=\"http:\/\/fr.wikipedia.org\/wiki\/1980\">1980<\/a>, le <a title=\"Grande-Bretagne\" href=\"http:\/\/fr.wikipedia.org\/wiki\/Grande-Bretagne\">britannique<\/a> <a title=\"Philip Wood\" href=\"http:\/\/fr.wikipedia.org\/wiki\/Philip_Wood\">Philip Wood<\/a> transforme radicalement la vision du handicap en le d\u00e9finissant comme un d\u00e9savantage dont est victime un individu pour accomplir un r\u00f4le social normal du fait de sa d\u00e9ficience (l\u00e9sion temporaire ou d\u00e9finitive) ou de son incapacit\u00e9 (r\u00e9duction partielle ou totale des capacit\u00e9s pour accomplir une activit\u00e9).<\/p>\n<p>Cette d\u00e9finition a par la suite \u00e9t\u00e9 critiqu\u00e9e<sup class=\"need_ref_tag\" style=\"padding-left: 2px; cursor: help;\" title=\"Ce passage devrait pr\u00e9ciser la personne ou l'organisation qui fait cette affirmation.\"><a title=\"Aide:Par qui\" href=\"http:\/\/fr.wikipedia.org\/wiki\/Aide:Par_qui\">[Par qui\u00a0?]<\/a><\/sup> pour mettre trop en avant l&rsquo;aspect fonctionnel du handicap et pas assez son aspect social. Il est vrai<sup class=\"need_ref_tag\" style=\"padding-left: 2px;\"><a title=\"Aide:R\u00e9f\u00e9rence n\u00e9cessaire\" href=\"http:\/\/fr.wikipedia.org\/wiki\/Aide:R%C3%A9f%C3%A9rence_n%C3%A9cessaire\">[r\u00e9f.\u00a0n\u00e9cessaire]<\/a><\/sup> que la probl\u00e9matique sociale du handicap a toujours but\u00e9 sur une ambigu\u00eft\u00e9\u00a0: tout le monde peut \u00e0 un moment vivre une situation de handicap, pourtant les personnes handicap\u00e9es sont bien une minorit\u00e9 amen\u00e9e \u00e0 d\u00e9fendre ses droits en tant que groupe social.<\/p>\n<p>Avec la parution de la <a title=\"Classification internationale du Fonctionnement, du handicap et de la sant\u00e9\" href=\"http:\/\/fr.wikipedia.org\/wiki\/Classification_internationale_du_Fonctionnement,_du_handicap_et_de_la_sant%C3%A9\">classification internationale du Fonctionnement, du handicap et de la sant\u00e9<\/a> (CIF, CIH-2), l&rsquo;<a title=\"Organisation mondiale de la sant\u00e9\" href=\"http:\/\/fr.wikipedia.org\/wiki\/Organisation_mondiale_de_la_sant%C3%A9\">OMS<\/a> a introduit une nouvelle typologie du handicap qui prend plus en compte les facteurs environnementaux. Le handicap peut y \u00eatre d\u00e9fini comme la rencontre d&rsquo;une d\u00e9ficience avec une situation de la vie quotidienne. Ces deux composantes sont soumises \u00e0 l&rsquo;influence de probl\u00e8mes de <a title=\"Sant\u00e9\" href=\"http:\/\/fr.wikipedia.org\/wiki\/Sant%C3%A9\">sant\u00e9<\/a> (<a title=\"Maladie\" href=\"http:\/\/fr.wikipedia.org\/wiki\/Maladie\">maladies<\/a>, blessures, l\u00e9sions) et de facteurs contextuels (environnement et facteurs personnels).<\/p>\n<h2><a title=\"Site .NET de Malek Boualem\" href=\"http:\/\/www.malek-boualem.net\" target=\"_blank\">Malek Boualem<\/a><\/h2>\n","protected":false},"excerpt":{"rendered":"<p>Source WIKIPEDIA Le terme handicap d\u00e9signe la limitation des possibilit\u00e9s d&rsquo;interaction d&rsquo;un individu avec son environnement, caus\u00e9e par une d\u00e9ficience provoquant une incapacit\u00e9, permanente ou non, menant \u00e0 un stress et \u00e0 des difficult\u00e9s morales, intellectuelles, sociales et\/ou physiques. Le terme de handicap renvoie \u00e9galement aux difficult\u00e9s de la personne handicap\u00e9e face \u00e0 son environnement [&hellip;]<\/p>\n","protected":false},"author":2,"featured_media":0,"parent":48,"menu_order":0,"comment_status":"closed","ping_status":"closed","template":"","meta":{"footnotes":""},"class_list":["post-69","page","type-page","status-publish","hentry"],"_links":{"self":[{"href":"https:\/\/www.malek-boualem.fr\/net\/wp-json\/wp\/v2\/pages\/69","targetHints":{"allow":["GET"]}}],"collection":[{"href":"https:\/\/www.malek-boualem.fr\/net\/wp-json\/wp\/v2\/pages"}],"about":[{"href":"https:\/\/www.malek-boualem.fr\/net\/wp-json\/wp\/v2\/types\/page"}],"author":[{"embeddable":true,"href":"https:\/\/www.malek-boualem.fr\/net\/wp-json\/wp\/v2\/users\/2"}],"replies":[{"embeddable":true,"href":"https:\/\/www.malek-boualem.fr\/net\/wp-json\/wp\/v2\/comments?post=69"}],"version-history":[{"count":0,"href":"https:\/\/www.malek-boualem.fr\/net\/wp-json\/wp\/v2\/pages\/69\/revisions"}],"up":[{"embeddable":true,"href":"https:\/\/www.malek-boualem.fr\/net\/wp-json\/wp\/v2\/pages\/48"}],"wp:attachment":[{"href":"https:\/\/www.malek-boualem.fr\/net\/wp-json\/wp\/v2\/media?parent=69"}],"curies":[{"name":"wp","href":"https:\/\/api.w.org\/{rel}","templated":true}]}}